{"id":2450,"date":"2020-08-10T13:50:34","date_gmt":"2020-08-10T11:50:34","guid":{"rendered":"https:\/\/samovar2022.int-evry.fr\/?page_id=2450"},"modified":"2025-01-20T13:38:40","modified_gmt":"2025-01-20T12:38:40","slug":"ness-2","status":"publish","type":"page","link":"https:\/\/samovar.telecom-sudparis.eu\/index.php\/ness-2\/","title":{"rendered":"NeSS"},"content":{"rendered":"\t\t<div data-elementor-type=\"wp-page\" data-elementor-id=\"2450\" class=\"elementor elementor-2450\">\n\t\t\t\t\t\t<section class=\"elementor-section elementor-top-section elementor-element elementor-element-17ff026 elementor-section-boxed elementor-section-height-default elementor-section-height-default\" data-id=\"17ff026\" data-element_type=\"section\">\n\t\t\t\t\t\t<div class=\"elementor-container elementor-column-gap-default\">\n\t\t\t\t\t<div class=\"elementor-column elementor-col-50 elementor-top-column elementor-element elementor-element-ae161db\" data-id=\"ae161db\" data-element_type=\"column\">\n\t\t\t<div class=\"elementor-widget-wrap elementor-element-populated\">\n\t\t\t\t\t\t<div class=\"elementor-element elementor-element-598e3f8 elementor-widget elementor-widget-heading\" data-id=\"598e3f8\" data-element_type=\"widget\" data-widget_type=\"heading.default\">\n\t\t\t\t<div class=\"elementor-widget-container\">\n\t\t\t\t\t<h2 class=\"elementor-heading-title elementor-size-default\"><span style=\"font-size:12.0pt;line-height:107%;,serif\">NeSS (Network Systems and Services)<\/span><\/h2>\t\t\t\t<\/div>\n\t\t\t\t<\/div>\n\t\t\t\t<div class=\"elementor-element elementor-element-592aab2 elementor-widget elementor-widget-text-editor\" data-id=\"592aab2\" data-element_type=\"widget\" data-widget_type=\"text-editor.default\">\n\t\t\t\t<div class=\"elementor-widget-container\">\n\t\t\t\t\t\t\t\t\t<p><\/p>\n<p>Responsable de l&rsquo;\u00e9quipe: <a href=\"https:\/\/samovar.telecom-sudparis.eu\/index.php\/acmes-2\/badii-jouaber-2\/\">Badii JOUABER<\/a><\/p>\n<p>Responsable Adjoint de l&rsquo;\u00e9quipe: <a href=\"https:\/\/samovar.telecom-sudparis.eu\/index.php\/acmes-2\/vincent-gauthier-2\/\">Vincent GAUTHIER<\/a><\/p>\n<p>Les travaux de l\u2019\u00e9quipe portent sur les architectures des r\u00e9seaux et des services et la s\u00e9curit\u00e9 des r\u00e9seaux et des syst\u00e8mes.<\/p>\n<p>Cette \u00e9quipe s\u2019appuie sur des m\u00e9thodes et des mod\u00e8les, et se caract\u00e9rise par la prise en compte des contraintes architecturales, protocolaires et syst\u00e8mes des r\u00e9seaux.<br>NeSS explore des pistes de recherche pouvant mener \u00e0 la conception d\u2019architectures et de protocoles enti\u00e8rement originaux, pour lever des verrous scientifiques, technologiques ou normatifs.<br>Cette \u00e9quipe contribue aux travaux sur l\u2019Internet des objets, sur la mobilit\u00e9, sur les r\u00e9seaux auto-organis\u00e9s, sur les architectures orient\u00e9es service (SOA) et sur les r\u00e9seaux et services virtuels.<\/p><div class=\"\"><span style=\"caret-color: rgb(122, 122, 122); color: rgb(122, 122, 122); font-family: roboto, sans-serif; font-size: 14px; background-color: rgb(255, 255, 255);\" class=\"\">Elle\n a d\u00e9velopp\u00e9 des comp\u00e9tences de haut niveau dans les domaines des \nr\u00e9seaux sans fil et cellulaires, des services associ\u00e9s, des r\u00e9seaux \nd\u00e9finis par logiciel (SDN) et<\/span><span style=\"caret-color: rgb(122, 122, 122); color: rgb(122, 122, 122); font-family: roboto, sans-serif; font-size: 14px; background-color: rgb(255, 255, 255);\" class=\"\">&nbsp;de leurs optimisation, configuration et orchestrations.<\/span><\/div>\n<p><\/p>\n<p><\/p>\n<p><\/p>\n<p><\/p>\n<p><\/p>\n<p><\/p>\n<p><\/p>\n<p><\/p>\n<p><\/p>\t\t\t\t\t\t\t\t<\/div>\n\t\t\t\t<\/div>\n\t\t\t\t<section class=\"elementor-section elementor-inner-section elementor-element elementor-element-edd19b4 elementor-section-boxed elementor-section-height-default elementor-section-height-default\" data-id=\"edd19b4\" data-element_type=\"section\">\n\t\t\t\t\t\t<div class=\"elementor-container elementor-column-gap-default\">\n\t\t\t\t\t<div class=\"elementor-column elementor-col-50 elementor-inner-column elementor-element elementor-element-6e645f3\" data-id=\"6e645f3\" data-element_type=\"column\">\n\t\t\t<div class=\"elementor-widget-wrap elementor-element-populated\">\n\t\t\t\t\t\t<div class=\"elementor-element elementor-element-6629e63 elementor-align-center elementor-widget elementor-widget-button\" data-id=\"6629e63\" data-element_type=\"widget\" data-widget_type=\"button.default\">\n\t\t\t\t<div class=\"elementor-widget-container\">\n\t\t\t\t\t\t\t\t\t<div class=\"elementor-button-wrapper\">\n\t\t\t\t\t<a class=\"elementor-button elementor-button-link elementor-size-sm\" href=\"index.php\/ness-les-membres-de-lequipe\/\">\n\t\t\t\t\t\t<span class=\"elementor-button-content-wrapper\">\n\t\t\t\t\t\t\t\t\t<span class=\"elementor-button-text\">Les membres de l'\u00e9quipe<\/span>\n\t\t\t\t\t<\/span>\n\t\t\t\t\t<\/a>\n\t\t\t\t<\/div>\n\t\t\t\t\t\t\t\t<\/div>\n\t\t\t\t<\/div>\n\t\t\t\t\t<\/div>\n\t\t<\/div>\n\t\t\t\t<div class=\"elementor-column elementor-col-50 elementor-inner-column elementor-element elementor-element-1c0c2ca\" data-id=\"1c0c2ca\" data-element_type=\"column\">\n\t\t\t<div class=\"elementor-widget-wrap elementor-element-populated\">\n\t\t\t\t\t\t<div class=\"elementor-element elementor-element-92e96cd elementor-align-center elementor-widget elementor-widget-button\" data-id=\"92e96cd\" data-element_type=\"widget\" data-widget_type=\"button.default\">\n\t\t\t\t<div class=\"elementor-widget-container\">\n\t\t\t\t\t\t\t\t\t<div class=\"elementor-button-wrapper\">\n\t\t\t\t\t<a class=\"elementor-button elementor-button-link elementor-size-sm\" href=\"https:\/\/hal.archives-ouvertes.fr\/TELECOM-SUDPARIS\/search\/index\/?q=rteamStructName_s%3A%22R%C3%A9seaux%2C+Syst%C3%A8mes%2C+Services%2C+S%C3%A9curit%C3%A9%22&#038;sort=producedDate_tdate+desc\">\n\t\t\t\t\t\t<span class=\"elementor-button-content-wrapper\">\n\t\t\t\t\t\t\t\t\t<span class=\"elementor-button-text\">Les publications<\/span>\n\t\t\t\t\t<\/span>\n\t\t\t\t\t<\/a>\n\t\t\t\t<\/div>\n\t\t\t\t\t\t\t\t<\/div>\n\t\t\t\t<\/div>\n\t\t\t\t\t<\/div>\n\t\t<\/div>\n\t\t\t\t\t<\/div>\n\t\t<\/section>\n\t\t\t\t\t<\/div>\n\t\t<\/div>\n\t\t\t\t<div class=\"elementor-column elementor-col-50 elementor-top-column elementor-element elementor-element-c653f4a\" data-id=\"c653f4a\" data-element_type=\"column\">\n\t\t\t<div class=\"elementor-widget-wrap elementor-element-populated\">\n\t\t\t\t\t\t<div class=\"elementor-element elementor-element-e9dc5f0 elementor-widget elementor-widget-image\" data-id=\"e9dc5f0\" data-element_type=\"widget\" data-widget_type=\"image.default\">\n\t\t\t\t<div class=\"elementor-widget-container\">\n\t\t\t\t\t\t\t\t\t\t\t\t\t\t\t<img fetchpriority=\"high\" decoding=\"async\" width=\"1024\" height=\"768\" src=\"https:\/\/samovar.telecom-sudparis.eu\/wp-content\/uploads\/2020\/09\/captureCloudR3S.png\" class=\"attachment-large size-large wp-image-3010\" alt=\"\" srcset=\"https:\/\/samovar.telecom-sudparis.eu\/wp-content\/uploads\/2020\/09\/captureCloudR3S.png 1024w, https:\/\/samovar.telecom-sudparis.eu\/wp-content\/uploads\/2020\/09\/captureCloudR3S-300x225.png 300w, https:\/\/samovar.telecom-sudparis.eu\/wp-content\/uploads\/2020\/09\/captureCloudR3S-768x576.png 768w\" sizes=\"(max-width: 1024px) 100vw, 1024px\" \/>\t\t\t\t\t\t\t\t\t\t\t\t\t\t\t<\/div>\n\t\t\t\t<\/div>\n\t\t\t\t<div class=\"elementor-element elementor-element-0b18a30 elementor-widget elementor-widget-wp-widget-recent-posts-widget-with-thumbnails\" data-id=\"0b18a30\" data-element_type=\"widget\" data-widget_type=\"wp-widget-recent-posts-widget-with-thumbnails.default\">\n\t\t\t\t<div class=\"elementor-widget-container\">\n\t\t\t\t\t\n<div id=\"rpwwt-wp-widget-recent-posts-widget-with-thumbnails\" class=\"rpwwt-widget\">\r\n<h5>Actualit\u00e9s et faits marquants<\/h5>\n\t<ul>\r\n\t\t<li><a href=\"https:\/\/samovar.telecom-sudparis.eu\/index.php\/2026\/02\/23\/avis-de-soutenance-de-monsieur-guanlin-li\/\"><span class=\"rpwwt-post-title\">AVIS DE SOUTENANCE de Monsieur Guanlin LI<\/span><\/a><div class=\"rpwwt-post-excerpt\">L&rsquo;Ecole doctorale : Ecole Doctorale de l&rsquo;Institut Polytechnique de Paris et le Laboratoire de recherche SAMOVAR <a href=\"https:\/\/samovar.telecom-sudparis.eu\/index.php\/2026\/02\/23\/avis-de-soutenance-de-monsieur-guanlin-li\/\" class=\"rpwwt-post-excerpt-more\">Lire la suite [..]<\/a><\/div><\/li>\r\n\t\t<li><a href=\"https:\/\/samovar.telecom-sudparis.eu\/index.php\/2026\/02\/05\/avis-de-soutenance-de-madame-razieh-chalehchaleh\/\"><span class=\"rpwwt-post-title\">AVIS DE SOUTENANCE de Madame Razieh CHALEHCHALEH<\/span><\/a><div class=\"rpwwt-post-excerpt\">L&rsquo;Ecole doctorale : Ecole Doctorale de l&rsquo;Institut Polytechnique de Paris et le Laboratoire de recherche SAMOVAR <a href=\"https:\/\/samovar.telecom-sudparis.eu\/index.php\/2026\/02\/05\/avis-de-soutenance-de-madame-razieh-chalehchaleh\/\" class=\"rpwwt-post-excerpt-more\">Lire la suite [..]<\/a><\/div><\/li>\r\n\t\t<li><a href=\"https:\/\/samovar.telecom-sudparis.eu\/index.php\/2025\/11\/24\/avis-de-soutenance-de-madame-khouloud-hwerbi\/\"><span class=\"rpwwt-post-title\">AVIS DE SOUTENANCE de Madame Khouloud HWERBI<\/span><\/a><div class=\"rpwwt-post-excerpt\">L&rsquo;Ecole doctorale : Ecole Doctorale de l&rsquo;Institut Polytechnique de Paris et le Laboratoire de recherche SAMOVAR <a href=\"https:\/\/samovar.telecom-sudparis.eu\/index.php\/2025\/11\/24\/avis-de-soutenance-de-madame-khouloud-hwerbi\/\" class=\"rpwwt-post-excerpt-more\">Lire la suite [..]<\/a><\/div><\/li>\r\n\t\t<li><a href=\"https:\/\/samovar.telecom-sudparis.eu\/index.php\/2025\/11\/24\/avis-de-soutenance-de-monsieur-quang-huy-tran\/\"><span class=\"rpwwt-post-title\">AVIS DE SOUTENANCE de Monsieur Quang Huy TRAN<\/span><\/a><div class=\"rpwwt-post-excerpt\">L&rsquo;Ecole doctorale : Ecole Doctorale de l&rsquo;Institut Polytechnique de Paris et le Laboratoire de recherche SAMOVAR <a href=\"https:\/\/samovar.telecom-sudparis.eu\/index.php\/2025\/11\/24\/avis-de-soutenance-de-monsieur-quang-huy-tran\/\" class=\"rpwwt-post-excerpt-more\">Lire la suite [..]<\/a><\/div><\/li>\r\n\t\t<li><a href=\"https:\/\/samovar.telecom-sudparis.eu\/index.php\/2025\/11\/20\/avis-de-soutenance-de-monsieur-mohammed-abdullah\/\"><span class=\"rpwwt-post-title\">AVIS DE SOUTENANCE de Monsieur Mohammed ABDULLAH<\/span><\/a><div class=\"rpwwt-post-excerpt\">L&rsquo;Ecole doctorale : Ecole Doctorale de l&rsquo;Institut Polytechnique de Paris et le Laboratoire de recherche SAMOVAR <a href=\"https:\/\/samovar.telecom-sudparis.eu\/index.php\/2025\/11\/20\/avis-de-soutenance-de-monsieur-mohammed-abdullah\/\" class=\"rpwwt-post-excerpt-more\">Lire la suite [..]<\/a><\/div><\/li>\r\n\t<\/ul>\r\n<\/div><!-- .rpwwt-widget -->\r\n\t\t\t\t<\/div>\n\t\t\t\t<\/div>\n\t\t\t\t<div class=\"elementor-element elementor-element-c7a7563 elementor-widget elementor-widget-shortcode\" data-id=\"c7a7563\" data-element_type=\"widget\" data-widget_type=\"shortcode.default\">\n\t\t\t\t<div class=\"elementor-widget-container\">\n\t\t\t\t\t\t\t<div class=\"elementor-shortcode\">\t\t<div class=\"wppsac-wrap wppsac-slick-carousel-wrp wppsac-clearfix \" data-conf=\"{&quot;slides_to_show&quot;:&quot;2&quot;,&quot;slides_to_scroll&quot;:1,&quot;dots&quot;:&quot;true&quot;,&quot;arrows&quot;:&quot;true&quot;,&quot;autoplay&quot;:&quot;true&quot;,&quot;autoplay_interval&quot;:3000,&quot;speed&quot;:500,&quot;rtl&quot;:&quot;false&quot;,&quot;lazyload&quot;:&quot;&quot;}\">\r\n\t\t\t<div id=\"wppsac-post-carousel-1\" class=\"wppsac-post-slider-init wppsac-post-carousel design-1\">\r\n\t\t\t\t<div class=\"wppsac-carousel-slides\">\r\n\t\r\n\t<div class=\"wppsac-post-content-position\">\r\n\t\t\t\t<div class=\"wppsac-post-categories\"><ul class=\"wppsac-post-categories-list\"><li><a href=\"https:\/\/samovar.telecom-sudparis.eu\/index.php\/category\/fractualites-ennews-fr\/\">[fr]Actualit\u00e9s [en]News<\/a><\/li><li><a href=\"https:\/\/samovar.telecom-sudparis.eu\/index.php\/category\/ness\/seminaires-r3s-fr\/\">S\u00e9minaires R3S<\/a><\/li><\/ul><\/div>\r\n\t\t\r\n\t\t<h2 class=\"wppsac-post-title\">\r\n\t\t\t<a href=\"https:\/\/samovar.telecom-sudparis.eu\/index.php\/2023\/05\/12\/seminaire-r3s-presente-par-francesco-bronzino-mc-a-ens-de-lyon-et-membre-du-labo-lip-le-31-05-2023-a-11h00-a-palaiseau\/\">S\u00e9minaire R3S pr\u00e9sent\u00e9 par Francesco Bronzino, MC \u00e0 ENS de Lyon et membre du labo. LIP\u00a0 le 31\/05\/2023 \u00e0 11h00 \u00e0 Palaiseau<\/a>\r\n\t\t<\/h2>\r\n\r\n\t\t\t\t<div class=\"wppsac-post-content\">\r\n\t\t\t<div class=\"wppsac-sub-content\">S\u00e9minaire R3S pr\u00e9sent\u00e9 par Francesco Bronzino, MC \u00e0 ENS de Lyon et membre du labo. LIP&nbsp; le 31\/05\/2023 \u00e0 11h00...<\/div>\r\n\r\n\t\t\t\t\t\t<a class=\"wppsac-readmorebtn\" href=\"https:\/\/samovar.telecom-sudparis.eu\/index.php\/2023\/05\/12\/seminaire-r3s-presente-par-francesco-bronzino-mc-a-ens-de-lyon-et-membre-du-labo-lip-le-31-05-2023-a-11h00-a-palaiseau\/\">Read More<\/a>\r\n\t\t\t\t\t<\/div>\r\n\t\t\t<\/div>\r\n<\/div><div class=\"wppsac-carousel-slides\">\r\n\t\r\n\t<div class=\"wppsac-post-content-position\">\r\n\t\t\t\t<div class=\"wppsac-post-categories\"><ul class=\"wppsac-post-categories-list\"><li><a href=\"https:\/\/samovar.telecom-sudparis.eu\/index.php\/category\/fractualites-ennews-fr\/\">[fr]Actualit\u00e9s [en]News<\/a><\/li><li><a href=\"https:\/\/samovar.telecom-sudparis.eu\/index.php\/category\/ness\/seminaires-r3s-fr\/\">S\u00e9minaires R3S<\/a><\/li><\/ul><\/div>\r\n\t\t\r\n\t\t<h2 class=\"wppsac-post-title\">\r\n\t\t\t<a href=\"https:\/\/samovar.telecom-sudparis.eu\/index.php\/2023\/04\/25\/seminaire-r3s-presente-par-dr-azrina-abd-aziz-universiti-teknologi-petronas-utp-malaysia-le-4-05-2023-a-15h30-a-evry\/\">S\u00e9minaire R3S, pr\u00e9sent\u00e9 par Dr. Azrina Abd Aziz, Universiti Teknologi Petronas (UTP),\u00a0 Malaysia le 4\/05\/2023 \u00e0 15h30 \u00e0 Evry<\/a>\r\n\t\t<\/h2>\r\n\r\n\t\t\t\t<div class=\"wppsac-post-content\">\r\n\t\t\t<div class=\"wppsac-sub-content\">Nom de l'orateur: Dr. Azrina Abd Aziz&nbsp; , Universiti Teknologi Petronas (UTP),&nbsp; Malaysia Date du s\u00e9minaire:&nbsp; le jeudi 4 mai...<\/div>\r\n\r\n\t\t\t\t\t\t<a class=\"wppsac-readmorebtn\" href=\"https:\/\/samovar.telecom-sudparis.eu\/index.php\/2023\/04\/25\/seminaire-r3s-presente-par-dr-azrina-abd-aziz-universiti-teknologi-petronas-utp-malaysia-le-4-05-2023-a-15h30-a-evry\/\">Read More<\/a>\r\n\t\t\t\t\t<\/div>\r\n\t\t\t<\/div>\r\n<\/div><div class=\"wppsac-carousel-slides\">\r\n\t\r\n\t<div class=\"wppsac-post-content-position\">\r\n\t\t\t\t<div class=\"wppsac-post-categories\"><ul class=\"wppsac-post-categories-list\"><li><a href=\"https:\/\/samovar.telecom-sudparis.eu\/index.php\/category\/fractualites-ennews-fr\/\">[fr]Actualit\u00e9s [en]News<\/a><\/li><li><a href=\"https:\/\/samovar.telecom-sudparis.eu\/index.php\/category\/ness\/seminaires-r3s-fr\/\">S\u00e9minaires R3S<\/a><\/li><\/ul><\/div>\r\n\t\t\r\n\t\t<h2 class=\"wppsac-post-title\">\r\n\t\t\t<a href=\"https:\/\/samovar.telecom-sudparis.eu\/index.php\/2023\/04\/25\/seminaire-r3s-presente-par-dr-mohd-zuki-yusoff-universiti-teknologi-petronas-utp-malaysia-le-4-05-2023-a-14h30-a-evry\/\">S\u00e9minaire R3S, pr\u00e9sent\u00e9 par Dr. Mohd Zuki Yusoff , Universiti Teknologi Petronas (UTP),\u00a0 Malaysia le 4\/05\/2023 \u00e0 14h30 \u00e0 Evry<\/a>\r\n\t\t<\/h2>\r\n\r\n\t\t\t\t<div class=\"wppsac-post-content\">\r\n\t\t\t<div class=\"wppsac-sub-content\">Nom de l'orateur: Dr. Mohd Zuki Yusoff , Universiti Teknologi Petronas (UTP),&nbsp; Malaysia Date du s\u00e9minaire:\u00a0 le jeudi 4 mai...<\/div>\r\n\r\n\t\t\t\t\t\t<a class=\"wppsac-readmorebtn\" href=\"https:\/\/samovar.telecom-sudparis.eu\/index.php\/2023\/04\/25\/seminaire-r3s-presente-par-dr-mohd-zuki-yusoff-universiti-teknologi-petronas-utp-malaysia-le-4-05-2023-a-14h30-a-evry\/\">Read More<\/a>\r\n\t\t\t\t\t<\/div>\r\n\t\t\t<\/div>\r\n<\/div><div class=\"wppsac-carousel-slides\">\r\n\t\r\n\t<div class=\"wppsac-post-content-position\">\r\n\t\t\t\t<div class=\"wppsac-post-categories\"><ul class=\"wppsac-post-categories-list\"><li><a href=\"https:\/\/samovar.telecom-sudparis.eu\/index.php\/category\/fractualites-ennews-fr\/\">[fr]Actualit\u00e9s [en]News<\/a><\/li><li><a href=\"https:\/\/samovar.telecom-sudparis.eu\/index.php\/category\/ness\/seminaires-r3s-fr\/\">S\u00e9minaires R3S<\/a><\/li><\/ul><\/div>\r\n\t\t\r\n\t\t<h2 class=\"wppsac-post-title\">\r\n\t\t\t<a href=\"https:\/\/samovar.telecom-sudparis.eu\/index.php\/2022\/12\/07\/avis-de-soutenance-de-madame-savita-sthawarmath\/\">AVIS DE SOUTENANCE de Madame SAVITA STHAWARMATH<\/a>\r\n\t\t<\/h2>\r\n\r\n\t\t\t\t<div class=\"wppsac-post-content\">\r\n\t\t\t<div class=\"wppsac-sub-content\">L'Ecole doctorale : Ecole Doctorale de l'Institut Polytechnique de Pariset le Laboratoire de recherche SAMOVAR - Services r\u00e9partis, Architectures, MOd\u00e9lisation,...<\/div>\r\n\r\n\t\t\t\t\t\t<a class=\"wppsac-readmorebtn\" href=\"https:\/\/samovar.telecom-sudparis.eu\/index.php\/2022\/12\/07\/avis-de-soutenance-de-madame-savita-sthawarmath\/\">Read More<\/a>\r\n\t\t\t\t\t<\/div>\r\n\t\t\t<\/div>\r\n<\/div><div class=\"wppsac-carousel-slides\">\r\n\t\r\n\t<div class=\"wppsac-post-content-position\">\r\n\t\t\t\t<div class=\"wppsac-post-categories\"><ul class=\"wppsac-post-categories-list\"><li><a href=\"https:\/\/samovar.telecom-sudparis.eu\/index.php\/category\/fractualites-ennews-fr\/\">[fr]Actualit\u00e9s [en]News<\/a><\/li><li><a href=\"https:\/\/samovar.telecom-sudparis.eu\/index.php\/category\/ness\/seminaires-r3s-fr\/\">S\u00e9minaires R3S<\/a><\/li><\/ul><\/div>\r\n\t\t\r\n\t\t<h2 class=\"wppsac-post-title\">\r\n\t\t\t<a href=\"https:\/\/samovar.telecom-sudparis.eu\/index.php\/2022\/11\/16\/avis-de-soutenance-de-madame-aicha-dridi\/\">AVIS DE SOUTENANCE de Madame Aicha DRIDI<\/a>\r\n\t\t<\/h2>\r\n\r\n\t\t\t\t<div class=\"wppsac-post-content\">\r\n\t\t\t<div class=\"wppsac-sub-content\">L'Ecole doctorale : Ecole Doctorale de l'Institut Polytechnique de Pariset le Laboratoire de recherche SAMOVAR - Services r\u00e9partis, Architectures, MOd\u00e9lisation,...<\/div>\r\n\r\n\t\t\t\t\t\t<a class=\"wppsac-readmorebtn\" href=\"https:\/\/samovar.telecom-sudparis.eu\/index.php\/2022\/11\/16\/avis-de-soutenance-de-madame-aicha-dridi\/\">Read More<\/a>\r\n\t\t\t\t\t<\/div>\r\n\t\t\t<\/div>\r\n<\/div><div class=\"wppsac-carousel-slides\">\r\n\t\t<div class=\"wppsac-post-image-bg\">\r\n\t\t<a href=\"https:\/\/samovar.telecom-sudparis.eu\/index.php\/2020\/06\/07\/seminaire-r3s-presente-par-dr-veronika-kuchta-le-12-06-2020-a-14h\/\">\r\n\t\t\t<img decoding=\"async\" class=\"wppsac-post-image\"  src=\"https:\/\/samovar.telecom-sudparis.eu\/wp-content\/uploads\/2020\/06\/arton1329.png\" alt=\"S\u00e9minaire R3S pr\u00e9sent\u00e9 par Dr. Veronika Kuchta, le 12\/06\/2020 \u00e0 14h\" \/>\r\n\t\t<\/a>\r\n\t<\/div>\r\n\t\r\n\t<div class=\"wppsac-post-content-position\">\r\n\t\t\t\t<div class=\"wppsac-post-categories\"><ul class=\"wppsac-post-categories-list\"><li><a href=\"https:\/\/samovar.telecom-sudparis.eu\/index.php\/category\/ness\/seminaires-r3s-fr\/\">S\u00e9minaires R3S<\/a><\/li><\/ul><\/div>\r\n\t\t\r\n\t\t<h2 class=\"wppsac-post-title\">\r\n\t\t\t<a href=\"https:\/\/samovar.telecom-sudparis.eu\/index.php\/2020\/06\/07\/seminaire-r3s-presente-par-dr-veronika-kuchta-le-12-06-2020-a-14h\/\">S\u00e9minaire R3S pr\u00e9sent\u00e9 par Dr. Veronika Kuchta, le 12\/06\/2020 \u00e0 14h<\/a>\r\n\t\t<\/h2>\r\n\r\n\t\t\t\t<div class=\"wppsac-post-content\">\r\n\t\t\t<div class=\"wppsac-sub-content\">Titre: Security and Privacy in Post-Quantum World Quand:le vendredi 12 juin 2020 \u00e0 14h00 Moyen: par webconf sur le lien...<\/div>\r\n\r\n\t\t\t\t\t\t<a class=\"wppsac-readmorebtn\" href=\"https:\/\/samovar.telecom-sudparis.eu\/index.php\/2020\/06\/07\/seminaire-r3s-presente-par-dr-veronika-kuchta-le-12-06-2020-a-14h\/\">Read More<\/a>\r\n\t\t\t\t\t<\/div>\r\n\t\t\t<\/div>\r\n<\/div><div class=\"wppsac-carousel-slides\">\r\n\t\r\n\t<div class=\"wppsac-post-content-position\">\r\n\t\t\t\t<div class=\"wppsac-post-categories\"><ul class=\"wppsac-post-categories-list\"><li><a href=\"https:\/\/samovar.telecom-sudparis.eu\/index.php\/category\/ness\/seminaires-r3s-fr\/\">S\u00e9minaires R3S<\/a><\/li><\/ul><\/div>\r\n\t\t\r\n\t\t<h2 class=\"wppsac-post-title\">\r\n\t\t\t<a href=\"https:\/\/samovar.telecom-sudparis.eu\/index.php\/2020\/04\/29\/seminaire-r3s-des-doctorants-le-20-05-2020-a-14h-en-webconf\/\">S\u00e9minaire R3S des doctorants, le 20\/05\/2020 \u00e0 14h en Webconf<\/a>\r\n\t\t<\/h2>\r\n\r\n\t\t\t\t<div class=\"wppsac-post-content\">\r\n\t\t\t<div class=\"wppsac-sub-content\">S\u00e9minaire R3S des doctorants Quand : le mercredi 20 mai \u00e0 14h Le s\u00e9minaire organis\u00e9 par Olivier Levillain comprendra 3...<\/div>\r\n\r\n\t\t\t\t\t\t<a class=\"wppsac-readmorebtn\" href=\"https:\/\/samovar.telecom-sudparis.eu\/index.php\/2020\/04\/29\/seminaire-r3s-des-doctorants-le-20-05-2020-a-14h-en-webconf\/\">Read More<\/a>\r\n\t\t\t\t\t<\/div>\r\n\t\t\t<\/div>\r\n<\/div><div class=\"wppsac-carousel-slides\">\r\n\t\r\n\t<div class=\"wppsac-post-content-position\">\r\n\t\t\t\t<div class=\"wppsac-post-categories\"><ul class=\"wppsac-post-categories-list\"><li><a href=\"https:\/\/samovar.telecom-sudparis.eu\/index.php\/category\/ness\/seminaires-r3s-fr\/\">S\u00e9minaires R3S<\/a><\/li><\/ul><\/div>\r\n\t\t\r\n\t\t<h2 class=\"wppsac-post-title\">\r\n\t\t\t<a href=\"https:\/\/samovar.telecom-sudparis.eu\/index.php\/2020\/04\/22\/seminaire-r3s-presente-par-olivier-levillain-le-13-05-2020-a-11h-par-webconf\/\">S\u00e9minaire R3S pr\u00e9sent\u00e9 par Olivier Levillain, le 13\/05\/2020 \u00e0 11h par Webconf<\/a>\r\n\t\t<\/h2>\r\n\r\n\t\t\t\t<div class=\"wppsac-post-content\">\r\n\t\t\t<div class=\"wppsac-sub-content\">Un s\u00e9minaire sera donn\u00e9 par Olivier Levillain, nouveau membre int\u00e9gr\u00e9 dans l'\u00e9quipe R3S du laboratoire Samovar Quand : le mercredi...<\/div>\r\n\r\n\t\t\t\t\t\t<a class=\"wppsac-readmorebtn\" href=\"https:\/\/samovar.telecom-sudparis.eu\/index.php\/2020\/04\/22\/seminaire-r3s-presente-par-olivier-levillain-le-13-05-2020-a-11h-par-webconf\/\">Read More<\/a>\r\n\t\t\t\t\t<\/div>\r\n\t\t\t<\/div>\r\n<\/div><div class=\"wppsac-carousel-slides\">\r\n\t\t<div class=\"wppsac-post-image-bg\">\r\n\t\t<a href=\"https:\/\/samovar.telecom-sudparis.eu\/index.php\/2020\/04\/15\/seminaire-r3s-presente-par-roberto-minerva-le-4-05-2020-de-15h-a-16h-par-webconf\/\">\r\n\t\t\t<img decoding=\"async\" class=\"wppsac-post-image\"  src=\"https:\/\/samovar.telecom-sudparis.eu\/wp-content\/uploads\/2020\/04\/arton1300.png\" alt=\"S\u00e9minaire R3S pr\u00e9sent\u00e9 par Roberto Minerva, le 4\/05\/2020 de 15h \u00e0 16h par Webconf\" \/>\r\n\t\t<\/a>\r\n\t<\/div>\r\n\t\r\n\t<div class=\"wppsac-post-content-position\">\r\n\t\t\t\t<div class=\"wppsac-post-categories\"><ul class=\"wppsac-post-categories-list\"><li><a href=\"https:\/\/samovar.telecom-sudparis.eu\/index.php\/category\/ness\/seminaires-r3s-fr\/\">S\u00e9minaires R3S<\/a><\/li><\/ul><\/div>\r\n\t\t\r\n\t\t<h2 class=\"wppsac-post-title\">\r\n\t\t\t<a href=\"https:\/\/samovar.telecom-sudparis.eu\/index.php\/2020\/04\/15\/seminaire-r3s-presente-par-roberto-minerva-le-4-05-2020-de-15h-a-16h-par-webconf\/\">S\u00e9minaire R3S pr\u00e9sent\u00e9 par Roberto Minerva, le 4\/05\/2020 de 15h \u00e0 16h par Webconf<\/a>\r\n\t\t<\/h2>\r\n\r\n\t\t\t\t<div class=\"wppsac-post-content\">\r\n\t\t\t<div class=\"wppsac-sub-content\">Un s\u00e9minaire sera donn\u00e9 par Roberto Minerva nouveau membre int\u00e9gr\u00e9 dans R3S Quand : 4 mai 15h-16h Moyen : par...<\/div>\r\n\r\n\t\t\t\t\t\t<a class=\"wppsac-readmorebtn\" href=\"https:\/\/samovar.telecom-sudparis.eu\/index.php\/2020\/04\/15\/seminaire-r3s-presente-par-roberto-minerva-le-4-05-2020-de-15h-a-16h-par-webconf\/\">Read More<\/a>\r\n\t\t\t\t\t<\/div>\r\n\t\t\t<\/div>\r\n<\/div><div class=\"wppsac-carousel-slides\">\r\n\t\r\n\t<div class=\"wppsac-post-content-position\">\r\n\t\t\t\t<div class=\"wppsac-post-categories\"><ul class=\"wppsac-post-categories-list\"><li><a href=\"https:\/\/samovar.telecom-sudparis.eu\/index.php\/category\/ness\/seminaires-r3s-fr\/\">S\u00e9minaires R3S<\/a><\/li><\/ul><\/div>\r\n\t\t\r\n\t\t<h2 class=\"wppsac-post-title\">\r\n\t\t\t<a href=\"https:\/\/samovar.telecom-sudparis.eu\/index.php\/2020\/03\/10\/seminaire-r3s-presente-par-mme-anna-guinet-le-29-05-2020-a-11h00\/\">S\u00e9minaire R3S pr\u00e9sent\u00e9 par Mme Anna Guinet, le 29\/05\/2020 \u00e0 11h00<\/a>\r\n\t\t<\/h2>\r\n\r\n\t\t\t\t<div class=\"wppsac-post-content\">\r\n\t\t\t<div class=\"wppsac-sub-content\">Anna Guinet, PhD candidate at Radboud University, former T\u00e9l\u00e9com SudParis graduate Date : vendredi 29 mai 2020, \u00e0 11h00 O\u00f9:...<\/div>\r\n\r\n\t\t\t\t\t\t<a class=\"wppsac-readmorebtn\" href=\"https:\/\/samovar.telecom-sudparis.eu\/index.php\/2020\/03\/10\/seminaire-r3s-presente-par-mme-anna-guinet-le-29-05-2020-a-11h00\/\">Read More<\/a>\r\n\t\t\t\t\t<\/div>\r\n\t\t\t<\/div>\r\n<\/div><div class=\"wppsac-carousel-slides\">\r\n\t\t<div class=\"wppsac-post-image-bg\">\r\n\t\t<a href=\"https:\/\/samovar.telecom-sudparis.eu\/index.php\/2019\/10\/03\/seminaire-r3s-presente-par-mme-hella-kaffel-ben-ayed-le-13-11-19-a-10h-en-a008-a-telecom-sudparis\/\">\r\n\t\t\t<img decoding=\"async\" class=\"wppsac-post-image\"  src=\"https:\/\/samovar.telecom-sudparis.eu\/wp-content\/uploads\/2019\/10\/hellakaffel_.jpg\" alt=\"S\u00e9minaire R3S pr\u00e9sent\u00e9 par Mme Hella Kaffel Ben Ayed, le 13\/11\/19 \u00e0 10h en A008, \u00e0 T\u00e9l\u00e9com SudParis\" \/>\r\n\t\t<\/a>\r\n\t<\/div>\r\n\t\r\n\t<div class=\"wppsac-post-content-position\">\r\n\t\t\t\t<div class=\"wppsac-post-categories\"><ul class=\"wppsac-post-categories-list\"><li><a href=\"https:\/\/samovar.telecom-sudparis.eu\/index.php\/category\/ness\/seminaires-r3s-fr\/\">S\u00e9minaires R3S<\/a><\/li><\/ul><\/div>\r\n\t\t\r\n\t\t<h2 class=\"wppsac-post-title\">\r\n\t\t\t<a href=\"https:\/\/samovar.telecom-sudparis.eu\/index.php\/2019\/10\/03\/seminaire-r3s-presente-par-mme-hella-kaffel-ben-ayed-le-13-11-19-a-10h-en-a008-a-telecom-sudparis\/\">S\u00e9minaire R3S pr\u00e9sent\u00e9 par Mme Hella Kaffel Ben Ayed, le 13\/11\/19 \u00e0 10h en A008, \u00e0 T\u00e9l\u00e9com SudParis<\/a>\r\n\t\t<\/h2>\r\n\r\n\t\t\t\t<div class=\"wppsac-post-content\">\r\n\t\t\t<div class=\"wppsac-sub-content\">Quand: Mercredi 13 novembre 2019, T\u00e9l\u00e9com SudParis O\u00f9: En salle A008, \u00e0 T\u00e9l\u00e9com SudParis, Evry Titre: Cyber s\u00e9curit\u00e9, confiance et...<\/div>\r\n\r\n\t\t\t\t\t\t<a class=\"wppsac-readmorebtn\" href=\"https:\/\/samovar.telecom-sudparis.eu\/index.php\/2019\/10\/03\/seminaire-r3s-presente-par-mme-hella-kaffel-ben-ayed-le-13-11-19-a-10h-en-a008-a-telecom-sudparis\/\">Read More<\/a>\r\n\t\t\t\t\t<\/div>\r\n\t\t\t<\/div>\r\n<\/div>\t\t\t<\/div>\r\n\t\t<\/div>\r\n\t<\/div>\n\t\t\t\t\t\t<\/div>\n\t\t\t\t<\/div>\n\t\t\t\t\t<\/div>\n\t\t<\/div>\n\t\t\t\t\t<\/div>\n\t\t<\/section>\n\t\t\t\t<section class=\"elementor-section elementor-top-section elementor-element elementor-element-4404e17 elementor-section-boxed elementor-section-height-default elementor-section-height-default\" data-id=\"4404e17\" data-element_type=\"section\">\n\t\t\t\t\t\t<div class=\"elementor-container elementor-column-gap-default\">\n\t\t\t\t\t<div class=\"elementor-column elementor-col-100 elementor-top-column elementor-element elementor-element-46066e5\" data-id=\"46066e5\" data-element_type=\"column\">\n\t\t\t<div class=\"elementor-widget-wrap\">\n\t\t\t\t\t\t\t<\/div>\n\t\t<\/div>\n\t\t\t\t\t<\/div>\n\t\t<\/section>\n\t\t\t\t<\/div>\n\t\t","protected":false},"excerpt":{"rendered":"<p>NeSS (Network Systems and Services) Responsable de l&rsquo;\u00e9quipe: Badii JOUABER Responsable Adjoint de l&rsquo;\u00e9quipe: Vincent GAUTHIER Les travaux de l\u2019\u00e9quipe portent sur les architectures des r\u00e9seaux et des services et la s\u00e9curit\u00e9 des r\u00e9seaux et des syst\u00e8mes. Cette \u00e9quipe s\u2019appuie sur des m\u00e9thodes et des mod\u00e8les, et se caract\u00e9rise par la prise en compte des [&hellip;]<\/p>\n","protected":false},"author":1,"featured_media":0,"parent":0,"menu_order":0,"comment_status":"closed","ping_status":"closed","template":"","meta":{"ocean_post_layout":"","ocean_both_sidebars_style":"","ocean_both_sidebars_content_width":0,"ocean_both_sidebars_sidebars_width":0,"ocean_sidebar":"0","ocean_second_sidebar":"0","ocean_disable_margins":"enable","ocean_add_body_class":"","ocean_shortcode_before_top_bar":"","ocean_shortcode_after_top_bar":"","ocean_shortcode_before_header":"","ocean_shortcode_after_header":"","ocean_has_shortcode":"","ocean_shortcode_after_title":"","ocean_shortcode_before_footer_widgets":"","ocean_shortcode_after_footer_widgets":"","ocean_shortcode_before_footer_bottom":"","ocean_shortcode_after_footer_bottom":"","ocean_display_top_bar":"default","ocean_display_header":"default","ocean_header_style":"","ocean_center_header_left_menu":"0","ocean_custom_header_template":"0","ocean_custom_logo":0,"ocean_custom_retina_logo":0,"ocean_custom_logo_max_width":0,"ocean_custom_logo_tablet_max_width":0,"ocean_custom_logo_mobile_max_width":0,"ocean_custom_logo_max_height":0,"ocean_custom_logo_tablet_max_height":0,"ocean_custom_logo_mobile_max_height":0,"ocean_header_custom_menu":"0","ocean_menu_typo_font_family":"0","ocean_menu_typo_font_subset":"","ocean_menu_typo_font_size":0,"ocean_menu_typo_font_size_tablet":0,"ocean_menu_typo_font_size_mobile":0,"ocean_menu_typo_font_size_unit":"px","ocean_menu_typo_font_weight":"","ocean_menu_typo_font_weight_tablet":"","ocean_menu_typo_font_weight_mobile":"","ocean_menu_typo_transform":"","ocean_menu_typo_transform_tablet":"","ocean_menu_typo_transform_mobile":"","ocean_menu_typo_line_height":0,"ocean_menu_typo_line_height_tablet":0,"ocean_menu_typo_line_height_mobile":0,"ocean_menu_typo_line_height_unit":"","ocean_menu_typo_spacing":0,"ocean_menu_typo_spacing_tablet":0,"ocean_menu_typo_spacing_mobile":0,"ocean_menu_typo_spacing_unit":"","ocean_menu_link_color":"","ocean_menu_link_color_hover":"","ocean_menu_link_color_active":"","ocean_menu_link_background":"","ocean_menu_link_hover_background":"","ocean_menu_link_active_background":"","ocean_menu_social_links_bg":"","ocean_menu_social_hover_links_bg":"","ocean_menu_social_links_color":"","ocean_menu_social_hover_links_color":"","ocean_disable_title":"default","ocean_disable_heading":"default","ocean_post_title":"","ocean_post_subheading":"","ocean_post_title_style":"","ocean_post_title_background_color":"","ocean_post_title_background":0,"ocean_post_title_bg_image_position":"","ocean_post_title_bg_image_attachment":"","ocean_post_title_bg_image_repeat":"","ocean_post_title_bg_image_size":"","ocean_post_title_height":0,"ocean_post_title_bg_overlay":0.5,"ocean_post_title_bg_overlay_color":"","ocean_disable_breadcrumbs":"default","ocean_breadcrumbs_color":"","ocean_breadcrumbs_separator_color":"","ocean_breadcrumbs_links_color":"","ocean_breadcrumbs_links_hover_color":"","ocean_display_footer_widgets":"default","ocean_display_footer_bottom":"default","ocean_custom_footer_template":"0","footnotes":""},"class_list":["post-2450","page","type-page","status-publish","hentry","entry","has-media"],"_links":{"self":[{"href":"https:\/\/samovar.telecom-sudparis.eu\/index.php\/wp-json\/wp\/v2\/pages\/2450","targetHints":{"allow":["GET"]}}],"collection":[{"href":"https:\/\/samovar.telecom-sudparis.eu\/index.php\/wp-json\/wp\/v2\/pages"}],"about":[{"href":"https:\/\/samovar.telecom-sudparis.eu\/index.php\/wp-json\/wp\/v2\/types\/page"}],"author":[{"embeddable":true,"href":"https:\/\/samovar.telecom-sudparis.eu\/index.php\/wp-json\/wp\/v2\/users\/1"}],"replies":[{"embeddable":true,"href":"https:\/\/samovar.telecom-sudparis.eu\/index.php\/wp-json\/wp\/v2\/comments?post=2450"}],"version-history":[{"count":65,"href":"https:\/\/samovar.telecom-sudparis.eu\/index.php\/wp-json\/wp\/v2\/pages\/2450\/revisions"}],"predecessor-version":[{"id":6766,"href":"https:\/\/samovar.telecom-sudparis.eu\/index.php\/wp-json\/wp\/v2\/pages\/2450\/revisions\/6766"}],"wp:attachment":[{"href":"https:\/\/samovar.telecom-sudparis.eu\/index.php\/wp-json\/wp\/v2\/media?parent=2450"}],"curies":[{"name":"wp","href":"https:\/\/api.w.org\/{rel}","templated":true}]}}